{"id":565,"date":"2026-08-03T13:47:25","date_gmt":"2026-08-03T13:47:25","guid":{"rendered":"https:\/\/www.tuttiasiniscola.it\/?page_id=565"},"modified":"2026-08-03T13:47:26","modified_gmt":"2026-08-03T13:47:26","slug":"travallos-in-limba-sarda","status":"publish","type":"page","link":"https:\/\/www.tuttiasiniscola.it\/zh\/travallos-in-limba-sarda\/","title":{"rendered":"Travallos in Limba Sarda"},"content":{"rendered":"\n<p class=\"wp-block-paragraph\"><strong>Progetto nazionale di formazione e ricerca denominato \u201cCurricolo locale integrato e produzione di materiali didattici in lingua di minoranza\u201d A.S. 2025\/2026<\/strong>.<\/p>\n\n\n\n<p class=\"wp-block-paragraph\">Links materiale prodotto \u2013 classe 3<sup>a<\/sup>B scuola primaria I.C. Bernardini\/Gramsci \u2013 Siniscola<\/p>\n\n\n\n<p class=\"wp-block-paragraph\">Ins. Mariella Scanu \u2013 Ins. Maria Grazia Cara<\/p>\n\n\n\n<p class=\"wp-block-paragraph\"><strong>TITOLO DEL PROGETTO<\/strong><\/p>\n\n\n\n<p class=\"wp-block-paragraph\"><strong>SU PANE<\/strong><em><\/em><\/p>\n\n\n\n<p class=\"wp-block-paragraph\"><strong><em>l\u2019arte del pane tra miti, credenze e riti antichi<\/em><\/strong><\/p>\n\n\n\n<p class=\"wp-block-paragraph\">Il progetto &#8220;Su pane&#8221; si propone come un percorso di apprendimento interdisciplinare che integra storia, arte, matematica e lingue straniere (inglese, rumeno e spagnolo) per il raggiungimento di obiettivi formativi specifici.<\/p>\n\n\n\n<p class=\"wp-block-paragraph\">Il progetto accosta la tradizione locale a una didattica fortemente interdisciplinare e collaborativa, ponendo il pane come mediatore per l&#8217;inclusione e lo sviluppo di competenze integrate.<\/p>\n\n\n\n<p class=\"wp-block-paragraph\"><strong>L&#8217;Approccio Plurilingue<\/strong><\/p>\n\n\n\n<p class=\"wp-block-paragraph\">L&#8217;integrazione delle diverse lingue avviene in modo naturale e trasversale, affiancando la lingua sarda (nello specifico la variante siniscolese) all&#8217;italiano, all&#8217;inglese, allo spagnolo e al rumeno. Questo approccio si declina in diverse modalit\u00e0:<\/p>\n\n\n\n<p class=\"wp-block-paragraph\"><strong><u>Riflessione linguistica e Glossari Multilingue<\/u><\/strong><\/p>\n\n\n\n<p class=\"wp-block-paragraph\">Gli alunni creano strumenti di consultazione comparata, come il glossario basato sul mito di *Sas Janas*, analizzando vocaboli ed espressioni in sardo, inglese, rumeno e spagnolo, oltre a tabelle focalizzate sui verbi delle azioni magiche e pratiche della panificazione.<\/p>\n\n\n\n<p class=\"wp-block-paragraph\"><strong><u>Letto-scrittura Spontanea e Creativa<\/u><\/strong><\/p>\n\n\n\n<p class=\"wp-block-paragraph\">Vengono proposte attivit\u00e0 multilingue (sardo, rumeno, spagnolo) incentrate sulle fasi del lavoro (Sa cota) e produzioni testuali libere in sardo siniscolese con l&#8217;ausilio di &#8220;parole ponte&#8221; per facilitare la composizione.<\/p>\n\n\n\n<p class=\"wp-block-paragraph\"><strong><u>Confronti Culturali e Valoriali<\/u><\/strong><\/p>\n\n\n\n<p class=\"wp-block-paragraph\">&nbsp;Le leggende legate al pane diventano l&#8217;occasione per analizzare costrutti morali in pi\u00f9 lingue, confrontando frasi sul rispetto della comunit\u00e0, sulla ricompensa dei buoni e sulla punizione degli egoisti in sardo, inglese, spagnolo e rumeno.<\/p>\n\n\n\n<p class=\"wp-block-paragraph\"><strong>Le Attivit\u00e0 Didattiche e Interdisciplinari (Approccio STEAM)<\/strong><\/p>\n\n\n\n<p class=\"wp-block-paragraph\">Il percorso didattico si sviluppa attraverso moduli operativi in cui il pane diventa un laboratorio a cielo aperto per le discipline scientifiche, storiche e artistiche (approccio STEAM che si pu\u00f2 mangiare):<\/p>\n\n\n\n<p class=\"wp-block-paragraph\"><strong><u>Scienze, (S)<\/u><\/strong><\/p>\n\n\n\n<p class=\"wp-block-paragraph\">Ciclo della materia &#8211; Attivit\u00e0 sul campo focalizzate sulla lavorazione della terra e la semina del grano (collegata al mito di Adone &#8220;Su Nennere&#8221;)<\/p>\n\n\n\n<p class=\"wp-block-paragraph\">&nbsp;Biologia molecolare e percezione &#8211; Studio del lievito madre (sa matriche) inteso come organismo vivo che cresce e si divide, associato all&#8217;esplorazione sensoriale delle consistenze, dei profumi e delle superfici del pane.<\/p>\n\n\n\n<p class=\"wp-block-paragraph\"><strong><u>Tecnologia e Ingegneria (T\/E)<\/u><\/strong><\/p>\n\n\n\n<p class=\"wp-block-paragraph\">Strumenti tradizionali &#8211; Utilizzo guidato dei ferri del mestiere sia per la stesura dell&#8217;impasto sia per la sua decorazione geom\u00e8trica<\/p>\n\n\n\n<p class=\"wp-block-paragraph\"><strong><u>Arte e Scrittura Creativa (A)<\/u><\/strong><\/p>\n\n\n\n<p class=\"wp-block-paragraph\">Laboratori espressivi &#8211; Realizzazione di disegni, allestimento di cartelloni e attivit\u00e0 manipolative come il laboratorio creativo &#8220;Le mani in pasta&#8221;.<\/p>\n\n\n\n<p class=\"wp-block-paragraph\">Su Pane Pintatu &#8211; Creazione e decorazione artistica del pane, compresa la preparazione tradizionale di \u201csa pippiedda chin s\u2019ovu\u201d, ispirandosi ai simboli geometrici o naturali legati ai miti della fertilit\u00e0.<\/p>\n\n\n\n<p class=\"wp-block-paragraph\"><strong><u>Matematica (M)<\/u><\/strong><\/p>\n\n\n\n<p class=\"wp-block-paragraph\">Calcolo e Misurazione &#8211; Attivit\u00e0 di misurazione dei volumi dell&#8217;impasto, calcolo esatto degli ingredienti delle ricette e studio del sistema numerico in lingua sarda (da uno a cento).<\/p>\n\n\n\n<p class=\"wp-block-paragraph\">Sistemi di misura storici &#8211; Confronto diretto fra le antiche unit\u00e0 di peso sarde (es. libbra sarda, unza, cantaru) e le storiche unit\u00e0 di peso inglesi (pounds, ounce, stone) convertite in grammi per comprendere la storicit\u00e0 delle convenzioni matematiche.<\/p>\n\n\n\n<p class=\"wp-block-paragraph\"><strong>Storia e Tradizione Locale<\/strong><\/p>\n\n\n\n<p class=\"wp-block-paragraph\"><strong><u>La memoria collettiva<\/u><\/strong><\/p>\n\n\n\n<p class=\"wp-block-paragraph\">Lettura, analisi e traduzione (dall&#8217;italiano al sardo siniscolese) di leggende identitarie come \u201cIl mito del pane delle fate: le Janas\u201d o la \u201cLeggenda di Duse e il lievito madre\u201d, usata per riflettere sul valore sacro della cooperazione e della solidariet\u00e0 sociale all&#8217;interno della comunit\u00e0.<\/p>\n\n\n\n<p class=\"wp-block-paragraph\"><strong><u>Ricerca sul campo<\/u><\/strong><\/p>\n\n\n\n<p class=\"wp-block-paragraph\">Interviste dirette alle anziane del paese per registrare e mappare le sequenze e i termini precisi della panificazione de \u201csu pane carasatu\u201d (es. inturtare, suichere, urire, pesare, cochere, carpire, ispizare, carasare), strutturando poi la filastrocca tradizionale in un vero e proprio testo regolativo.<\/p>\n\n\n\n<p class=\"wp-block-paragraph\"><strong>Apprendimento Naturale e Consapevolezza della Lingua Madre<\/strong><\/p>\n\n\n\n<p class=\"wp-block-paragraph\">L&#8217;integrazione di diverse lingue consente di promuovere un apprendimento naturale della <strong>lingua sarda<\/strong> (<em>in limba<\/em>) valorizzandola all&#8217;interno del contesto scolastico. Questo processo non solo rinforza il legame identitario con il territorio della Riserva MAB UNESCO Tepilora, ma stimola anche una maggiore consapevolezza del valore della lingua madre per gli alunni.<\/p>\n\n\n\n<p class=\"wp-block-paragraph\"><strong>Sviluppo di Competenze Comunicative Interdisciplinari<\/strong><\/p>\n\n\n\n<p class=\"wp-block-paragraph\">L&#8217;approccio plurilingue non isola lo studio della lingua locale, ma lo integra in un&#8217;ottica strettamente interdisciplinare per rafforzare parallelamente le competenze comunicative in altre lingue e discipline:<\/p>\n\n\n\n<ul class=\"wp-block-list\">\n<li><strong>Italiano e Inglese:<\/strong> Affiancati costantemente al sardo sia nella comprensione dei miti (come quello delle Janas o di Duse) sia nelle attivit\u00e0 di descrizione scientifica e matematica.<\/li>\n\n\n\n<li><strong>Matematica e Scienze:<\/strong> Attraverso il confronto tra antiche unit\u00e0 di misura sarde (es. <em>libbra sarda<\/em>, <em>onza<\/em>) e quelle inglesi (<em>pounds<\/em>, <em>ounce<\/em>), gli alunni esercitano abilit\u00e0 di calcolo e conversione linguistico-matematica.<\/li>\n<\/ul>\n\n\n\n<p class=\"wp-block-paragraph\"><strong>Inclusione e Accoglienza della Diversit\u00e0 Linguistica<\/strong><\/p>\n\n\n\n<p class=\"wp-block-paragraph\">Il progetto dimostra una forte attenzione all&#8217;eterogeneit\u00e0 della classe introducendo nei percorsi di apprendimento anche la <strong>lingua rumena<\/strong> e la <strong>lingua spagnola<\/strong>. Questo ampliamento plurilingue si realizza concretamente attraverso:<\/p>\n\n\n\n<ul class=\"wp-block-list\">\n<li><strong>Attivit\u00e0 di Letto-Scrittura Spontanea:<\/strong> Come nel percorso laboratoriale \u00abSa cota\u00bb, dove gli studenti sperimentano la scrittura nelle diverse lingue presenti nel contesto scolastico.<\/li>\n\n\n\n<li><strong>Creazione di Glossari Comparativi:<\/strong> Gli alunni creano strumenti di consultazione multilingue (Sardo | Inglese | Rumeno | Spagnolo) per mappare i termini specifici dei racconti tradizionali (es. il glossario dedicato a &#8220;Sas Janas&#8221; o alle azioni della panificazione). Questo esercizio favorisce l&#8217;arricchimento lessicale e lo sviluppo di abilit\u00e0 meta-linguistiche attraverso il confronto diretto tra le strutture dei diversi idiomi.<\/li>\n<\/ul>\n\n\n\n<p class=\"wp-block-paragraph\"><strong>Mediazione Didattica Attiva e Motivazione<\/strong><\/p>\n\n\n\n<p class=\"wp-block-paragraph\">L&#8217;accostamento plurilingue a compiti di realt\u00e0 \u2014 come la manipolazione nel laboratorio creativo &#8220;Le mani in pasta&#8221; o le interviste alle anziane del paese \u2014 funge da potente mediatore didattico. Vedere la propria lingua (sarda, rumena o spagnola) utilizzata per descrivere processi reali e scientifici aumenta significativamente la motivazione all&#8217;apprendimento e stimola lo sviluppo di competenze sociali e cooperative tra pari.<\/p>\n\n\n\n<p class=\"wp-block-paragraph\"><strong><u>PRODOTTI REALIZZATI<\/u><\/strong><\/p>\n\n\n\n<p class=\"wp-block-paragraph\"><strong><u>AMBITO LINGUISTICO<\/u><\/strong><\/p>\n\n\n\n<ol style=\"list-style-type:lower-alpha\" class=\"wp-block-list\">\n<li><a><strong>Descrizione del Progetto<\/strong><\/a>\u00a0 \u201cSu pane. L\u2019arte del pane tra miti, credenze e riti antichi\u201d<\/li>\n<\/ol>\n\n\n\n<p class=\"wp-block-paragraph\"><a href=\"https:\/\/docs.google.com\/document\/d\/1nv_GatR9GCunKavxHW1Z-FNwCREiYAp4XlhhnwbUaFc\/edit?usp=sharing\">https:\/\/docs.google.com\/document\/d\/1nv_GatR9GCunKavxHW1Z-FNwCREiYAp4XlhhnwbUaFc\/edit?usp=sharing<\/a><\/p>\n\n\n\n<ul class=\"wp-block-list\">\n<li><a><strong>La leggenda di Duse (Documento Word)<\/strong><\/a><\/li>\n<\/ul>\n\n\n\n<p class=\"wp-block-paragraph\"><a href=\"https:\/\/docs.google.com\/document\/d\/18-gvfNTcuo2KJZhir9Em_PydoCRfdCm6OpPyF7B1ww0\/edit?usp=sharing\">https:\/\/docs.google.com\/document\/d\/18-gvfNTcuo2KJZhir9Em_PydoCRfdCm6OpPyF7B1ww0\/edit?usp=sharing<\/a><\/p>\n\n\n\n<ul class=\"wp-block-list\">\n<li><strong>Il mito del pane delle fate: sas Janas (Documento Word)<\/strong><\/li>\n<\/ul>\n\n\n\n<p class=\"wp-block-paragraph\"><a href=\"https:\/\/docs.google.com\/document\/d\/1-9qibqutnarRrylxQp1aUKQti_Q3EulX1R-NGBVimbE\/edit?usp=sharing\">https:\/\/docs.google.com\/document\/d\/1-9qibqutnarRrylxQp1aUKQti_Q3EulX1R-NGBVimbE\/edit?usp=sharing<\/a><\/p>\n\n\n\n<ul class=\"wp-block-list\">\n<li><strong>La leggenda de Sas Janas \u2013 Italiano \u2013 Inglese (Documento Word)<\/strong><\/li>\n<\/ul>\n\n\n\n<p class=\"wp-block-paragraph\"><a href=\"https:\/\/docs.google.com\/document\/d\/1D3w9H5lZoph0quv_Pi-vhVbu1xBjO-93PETeIPALAN0\/edit?usp=sharing\">https:\/\/docs.google.com\/document\/d\/1D3w9H5lZoph0quv_Pi-vhVbu1xBjO-93PETeIPALAN0\/edit?usp=sharing<\/a><\/p>\n\n\n\n<ul class=\"wp-block-list\">\n<li><strong>Ite ischit achere una Janas (Schema Glossario) (Documento Word)<\/strong><\/li>\n<\/ul>\n\n\n\n<p class=\"wp-block-paragraph\"><a href=\"https:\/\/docs.google.com\/document\/d\/1JHbse1IdvWUyCeqFxfIrw-LGHm7z6mjooJqr5-y6tLc\/edit?usp=sharing\">https:\/\/docs.google.com\/document\/d\/1JHbse1IdvWUyCeqFxfIrw-LGHm7z6mjooJqr5-y6tLc\/edit?usp=sharing<\/a><\/p>\n\n\n\n<ul class=\"wp-block-list\">\n<li><strong>Le Janas puniscono i cattivi (Documento Word)<\/strong><\/li>\n<\/ul>\n\n\n\n<p class=\"wp-block-paragraph\"><a href=\"https:\/\/docs.google.com\/document\/d\/1oJoDZHoZI2OvPRnPkoU9zu-ZpPh3EvQeiycUFYqhKcw\/edit?usp=sharing\">https:\/\/docs.google.com\/document\/d\/1oJoDZHoZI2OvPRnPkoU9zu-ZpPh3EvQeiycUFYqhKcw\/edit?usp=sharing<\/a><\/p>\n\n\n\n<ul class=\"wp-block-list\">\n<li><strong>1. Attivit\u00e0 di scrittura creativa<\/strong><\/li>\n<\/ul>\n\n\n\n<p class=\"wp-block-paragraph\"><a href=\"https:\/\/docs.google.com\/presentation\/d\/16xZXkrY92RC7G1noJ2dNamIsdpvJ2xFiTNRHVq0SK8k\/edit?usp=sharing\">https:\/\/docs.google.com\/presentation\/d\/16xZXkrY92RC7G1noJ2dNamIsdpvJ2xFiTNRHVq0SK8k\/edit?usp=sharing<\/a><\/p>\n\n\n\n<ul class=\"wp-block-list\">\n<li><strong>2. Attivit\u00e0 di scrittura creativa (Documento Word)<\/strong><\/li>\n<\/ul>\n\n\n\n<p class=\"wp-block-paragraph\"><a href=\"https:\/\/docs.google.com\/document\/d\/18t1oDNf1XQTDSdNKABLspipy_mFyvTHLt7AAoINE5Qw\/edit?usp=sharing\">https:\/\/docs.google.com\/document\/d\/18t1oDNf1XQTDSdNKABLspipy_mFyvTHLt7AAoINE5Qw\/edit?usp=sharing<\/a><\/p>\n\n\n\n<ol style=\"list-style-type:lower-roman\" class=\"wp-block-list\">\n<li><strong>Questo \u00e8 STEAM che si pu\u00f2 mangiare! (Documento Word)<\/strong><\/li>\n<\/ol>\n\n\n\n<p class=\"wp-block-paragraph\"><a href=\"https:\/\/docs.google.com\/document\/d\/1Bo9mFOYWRbCTMwdi3xYIvUD7TF4_ADE4\/edit?usp=sharing&amp;ouid=102134206452981638781&amp;rtpof=true&amp;sd=true\">https:\/\/docs.google.com\/document\/d\/1Bo9mFOYWRbCTMwdi3xYIvUD7TF4_ADE4\/edit?usp=sharing&amp;ouid=102134206452981638781&amp;rtpof=true&amp;sd=true<\/a><\/p>\n\n\n\n<ul class=\"wp-block-list\">\n<li><strong>Unitate de misura e ateras limbas (Documento Word)<\/strong><\/li>\n<\/ul>\n\n\n\n<p class=\"wp-block-paragraph\"><a href=\"https:\/\/docs.google.com\/document\/d\/1YsdWXOohgd8gusKheB_EFUjBI_wu-zv8\/edit?usp=sharing&amp;ouid=102134206452981638781&amp;rtpof=true&amp;sd=true\">https:\/\/docs.google.com\/document\/d\/1YsdWXOohgd8gusKheB_EFUjBI_wu-zv8\/edit?usp=sharing&amp;ouid=102134206452981638781&amp;rtpof=true&amp;sd=true<\/a><\/p>\n\n\n\n<ul class=\"wp-block-list\">\n<li><strong>Descrizione del Progetto<\/strong>\u00a0 \u201cSu pane. L\u2019arte del pane tra miti, credenze e riti antichi\u201d<\/li>\n<\/ul>\n\n\n\n<p class=\"wp-block-paragraph\"><a href=\"https:\/\/docs.google.com\/document\/d\/1nv_GatR9GCunKavxHW1Z-FNwCREiYAp4XlhhnwbUaFc\/edit?usp=sharing\">https:\/\/docs.google.com\/document\/d\/1nv_GatR9GCunKavxHW1Z-FNwCREiYAp4XlhhnwbUaFc\/edit?usp=sharing<\/a><\/p>\n\n\n\n<ul class=\"wp-block-list\">\n<li><strong>La leggenda di Duse (Documento Word)<\/strong><\/li>\n<\/ul>\n\n\n\n<p class=\"wp-block-paragraph\"><a href=\"https:\/\/docs.google.com\/document\/d\/18-gvfNTcuo2KJZhir9Em_PydoCRfdCm6OpPyF7B1ww0\/edit?usp=sharing\">https:\/\/docs.google.com\/document\/d\/18-gvfNTcuo2KJZhir9Em_PydoCRfdCm6OpPyF7B1ww0\/edit?usp=sharing<\/a><\/p>\n\n\n\n<ul class=\"wp-block-list\">\n<li><strong>Il mito del pane delle fate: sas Janas (Documento Word)<\/strong><\/li>\n<\/ul>\n\n\n\n<p class=\"wp-block-paragraph\"><a href=\"https:\/\/docs.google.com\/document\/d\/1-9qibqutnarRrylxQp1aUKQti_Q3EulX1R-NGBVimbE\/edit?usp=sharing\">https:\/\/docs.google.com\/document\/d\/1-9qibqutnarRrylxQp1aUKQti_Q3EulX1R-NGBVimbE\/edit?usp=sharing<\/a><\/p>\n\n\n\n<ul class=\"wp-block-list\">\n<li><strong>La leggenda de Sas Janas \u2013 Italiano \u2013 Inglese (Documento Word)<\/strong><\/li>\n<\/ul>\n\n\n\n<p class=\"wp-block-paragraph\"><a href=\"https:\/\/docs.google.com\/document\/d\/1D3w9H5lZoph0quv_Pi-vhVbu1xBjO-93PETeIPALAN0\/edit?usp=sharing\">https:\/\/docs.google.com\/document\/d\/1D3w9H5lZoph0quv_Pi-vhVbu1xBjO-93PETeIPALAN0\/edit?usp=sharing<\/a><\/p>\n\n\n\n<ul class=\"wp-block-list\">\n<li><a><strong>Ite ischit achere una Janas (Schema Glossario) (Documento Word)<\/strong><\/a><\/li>\n<\/ul>\n\n\n\n<p class=\"wp-block-paragraph\"><a href=\"https:\/\/docs.google.com\/document\/d\/1JHbse1IdvWUyCeqFxfIrw-LGHm7z6mjooJqr5-y6tLc\/edit?usp=sharing\">https:\/\/docs.google.com\/document\/d\/1JHbse1IdvWUyCeqFxfIrw-LGHm7z6mjooJqr5-y6tLc\/edit?usp=sharing<\/a><\/p>\n\n\n\n<ul class=\"wp-block-list\">\n<li><strong>Le Janas puniscono i cattivi (Documento Word)<\/strong><\/li>\n<\/ul>\n\n\n\n<p class=\"wp-block-paragraph\"><a href=\"https:\/\/docs.google.com\/document\/d\/1oJoDZHoZI2OvPRnPkoU9zu-ZpPh3EvQeiycUFYqhKcw\/edit?usp=sharing\">https:\/\/docs.google.com\/document\/d\/1oJoDZHoZI2OvPRnPkoU9zu-ZpPh3EvQeiycUFYqhKcw\/edit?usp=sharing<\/a><\/p>\n\n\n\n<ul class=\"wp-block-list\">\n<li><strong>1. Attivit\u00e0 di scrittura creativa<\/strong><\/li>\n<\/ul>\n\n\n\n<p class=\"wp-block-paragraph\"><a href=\"https:\/\/docs.google.com\/presentation\/d\/16xZXkrY92RC7G1noJ2dNamIsdpvJ2xFiTNRHVq0SK8k\/edit?usp=sharing\">https:\/\/docs.google.com\/presentation\/d\/16xZXkrY92RC7G1noJ2dNamIsdpvJ2xFiTNRHVq0SK8k\/edit?usp=sharing<\/a><\/p>\n\n\n\n<ul class=\"wp-block-list\">\n<li><strong>2. Attivit\u00e0 di scrittura creativa (Documento Word)<\/strong><\/li>\n<\/ul>\n\n\n\n<p class=\"wp-block-paragraph\"><a href=\"https:\/\/docs.google.com\/document\/d\/18t1oDNf1XQTDSdNKABLspipy_mFyvTHLt7AAoINE5Qw\/edit?usp=sharing\">https:\/\/docs.google.com\/document\/d\/18t1oDNf1XQTDSdNKABLspipy_mFyvTHLt7AAoINE5Qw\/edit?usp=sharing<\/a><\/p>\n\n\n\n<ul class=\"wp-block-list\">\n<li><strong>Questo \u00e8 STEAM che si pu\u00f2 mangiare! (Documento Word)<\/strong><\/li>\n<\/ul>\n\n\n\n<p class=\"wp-block-paragraph\"><a href=\"https:\/\/docs.google.com\/document\/d\/1Bo9mFOYWRbCTMwdi3xYIvUD7TF4_ADE4\/edit?usp=sharing&amp;ouid=102134206452981638781&amp;rtpof=true&amp;sd=true\">https:\/\/docs.google.com\/document\/d\/1Bo9mFOYWRbCTMwdi3xYIvUD7TF4_ADE4\/edit?usp=sharing&amp;ouid=102134206452981638781&amp;rtpof=true&amp;sd=true<\/a><\/p>\n\n\n\n<ul class=\"wp-block-list\">\n<li><strong>Unitate de misura e ateras limbas (Documento Word)<\/strong><\/li>\n<\/ul>\n\n\n\n<p class=\"wp-block-paragraph\"><a href=\"https:\/\/docs.google.com\/document\/d\/1YsdWXOohgd8gusKheB_EFUjBI_wu-zv8\/edit?usp=sharing&amp;ouid=102134206452981638781&amp;rtpof=true&amp;sd=true\">https:\/\/docs.google.com\/document\/d\/1YsdWXOohgd8gusKheB_EFUjBI_wu-zv8\/edit?usp=sharing&amp;ouid=102134206452981638781&amp;rtpof=true&amp;sd=true<\/a><\/p>\n\n\n\n<p class=\"wp-block-paragraph\"><strong><u>Fase 1.<\/u><\/strong><\/p>\n\n\n\n<p class=\"wp-block-paragraph\">1 <strong>Su mitu de su pane de sas Janas (Il mito del pane delle fate: le janas) <a>(Presentazione)<\/a><\/strong><\/p>\n\n\n\n<p class=\"wp-block-paragraph\"><a href=\"https:\/\/docs.google.com\/presentation\/d\/14o7N886_EwBxCEU50ELU9amUnQkqoxN4ovToHb2tgYM\/edit?usp=sharing\">https:\/\/docs.google.com\/presentation\/d\/14o7N886_EwBxCEU50ELU9amUnQkqoxN4ovToHb2tgYM\/edit?usp=sharing<\/a><\/p>\n\n\n\n<p class=\"wp-block-paragraph\">2 <strong>Su mitu de su pane de sas Janas (La leggenda di Duse) (Presentazione)<\/strong><\/p>\n\n\n\n<p class=\"wp-block-paragraph\"><a href=\"https:\/\/docs.google.com\/presentation\/d\/1LrL4R2bc5KSLtCZSA6yH1BFllSmftHXFMNWgU7KJ8_c\/edit?usp=sharing\">https:\/\/docs.google.com\/presentation\/d\/1LrL4R2bc5KSLtCZSA6yH1BFllSmftHXFMNWgU7KJ8_c\/edit?usp=sharing<\/a><\/p>\n\n\n\n<p class=\"wp-block-paragraph\"><strong><u>Fase 2.<\/u><\/strong><\/p>\n\n\n\n<p class=\"wp-block-paragraph\">1. <strong>Attivit\u00e0 di letto-scrittura <\/strong><strong>(Presentazione)<\/strong><\/p>\n\n\n\n<p class=\"wp-block-paragraph\"><strong><em>Scrivere un glossario dei termini specifici in sardo, inglese, rumeno e spagnolo&nbsp;<\/em><\/strong><\/p>\n\n\n\n<p class=\"wp-block-paragraph\"><a href=\"https:\/\/docs.google.com\/presentation\/d\/16xZXkrY92RC7G1noJ2dNamIsdpvJ2xFiTNRHVq0SK8k\/edit?usp=sharing\">https:\/\/docs.google.com\/presentation\/d\/16xZXkrY92RC7G1noJ2dNamIsdpvJ2xFiTNRHVq0SK8k\/edit?usp=sharing<\/a><\/p>\n\n\n\n<p class=\"wp-block-paragraph\"><strong>2 Attivit\u00e0 di letto-scrittura (Presentazione)<\/strong><\/p>\n\n\n\n<ol style=\"list-style-type:lower-alpha\" class=\"wp-block-list\">\n<li><strong><em>Sa vaina de su pane<\/em><\/strong><\/li>\n<\/ol>\n\n\n\n<p class=\"wp-block-paragraph\"><a href=\"https:\/\/docs.google.com\/presentation\/d\/1lLxIU84wJwKHB1zuhkCvEjDaCthzhtl0QKmcbkuSh0\/edit?usp=sharing\">https:\/\/docs.google.com\/presentation\/d\/1lLxIU84wJwKHB1zuhkCvEjDaCthzhtl0QKmcbkuSh0\/edit?usp=sharing<\/a><\/p>\n\n\n\n<p class=\"wp-block-paragraph\"><strong>3. Attivit\u00e0 di letto-scrittura (Presentazione)<\/strong><\/p>\n\n\n\n<ul class=\"wp-block-list\">\n<li><strong><em>Sa vaina de su pane<\/em><\/strong><\/li>\n<\/ul>\n\n\n\n<p class=\"wp-block-paragraph\"><a href=\"https:\/\/docs.google.com\/presentation\/d\/1tm8w-0BV0cgjwWaR9sM7KwdGEr-fEVeyuTLa-i9qZCs\/edit?usp=sharing\">https:\/\/docs.google.com\/presentation\/d\/1tm8w-0BV0cgjwWaR9sM7KwdGEr-fEVeyuTLa-i9qZCs\/edit?usp=sharing<\/a><\/p>\n\n\n\n<p class=\"wp-block-paragraph\"><strong>4 Attivit\u00e0 di letto-scrittura (Presentazione)<\/strong><\/p>\n\n\n\n<ul class=\"wp-block-list\">\n<li><strong>Narat su ditzu<\/strong><\/li>\n<\/ul>\n\n\n\n<p class=\"wp-block-paragraph\"><a href=\"https:\/\/docs.google.com\/presentation\/d\/1mCaQFQ-Nz6y_lCQLXIfniP4S_gOWmt-_\/edit?usp=sharing&amp;ouid=102134206452981638781&amp;rtpof=true&amp;sd=true\">https:\/\/docs.google.com\/presentation\/d\/1mCaQFQ-Nz6y_lCQLXIfniP4S_gOWmt-_\/edit?usp=sharing&amp;ouid=102134206452981638781&amp;rtpof=true&amp;sd=true<\/a><\/p>\n\n\n\n<p class=\"wp-block-paragraph\"><strong>5 Attivit\u00e0 di letto-scrittura \u201cSa cota\u201d (sardo, inglese, rumeno, spagnolo) (Presentazione)<\/strong><\/p>\n\n\n\n<p class=\"wp-block-paragraph\"><a href=\"https:\/\/docs.google.com\/presentation\/d\/1uZPSrxnlCKYlBESi3dO4Lkssd6wOL3Xh\/edit?usp=sharing&amp;ouid=102134206452981638781&amp;rtpof=true&amp;sd=true\">https:\/\/docs.google.com\/presentation\/d\/1uZPSrxnlCKYlBESi3dO4Lkssd6wOL3Xh\/edit?usp=sharing&amp;ouid=102134206452981638781&amp;rtpof=true&amp;sd=true<\/a><\/p>\n\n\n\n<p class=\"wp-block-paragraph\"><strong><u>Fase 3.<\/u><\/strong><\/p>\n\n\n\n<p class=\"wp-block-paragraph\"><strong>1. Sa matematica de sas Janas (Presentazione)<\/strong><\/p>\n\n\n\n<p class=\"wp-block-paragraph\"><a href=\"https:\/\/docs.google.com\/presentation\/d\/1YWahrSjWA28KfEOTE0dnhsQ922ZB4jrIJzvLxOD7Wyo\/edit?usp=sharing\">https:\/\/docs.google.com\/presentation\/d\/1YWahrSjWA28KfEOTE0dnhsQ922ZB4jrIJzvLxOD7Wyo\/edit?usp=sharing<\/a><\/p>\n\n\n\n<p class=\"wp-block-paragraph\"><strong>2. Sa matematica de sas Janas (Presentazione)<\/strong><\/p>\n\n\n\n<p class=\"wp-block-paragraph\"><a href=\"https:\/\/docs.google.com\/presentation\/d\/1ArvegEk9DjWrzk7o6G7_BmLaHhvzEI8kUhLJ93h0ZvQ\/edit?usp=sharing\">https:\/\/docs.google.com\/presentation\/d\/1ArvegEk9DjWrzk7o6G7_BmLaHhvzEI8kUhLJ93h0ZvQ\/edit?usp=sharing<\/a><\/p>\n\n\n\n<p class=\"wp-block-paragraph\"><strong>3. S\u2019ortu e sas Janas (Presentazione)<\/strong><\/p>\n\n\n\n<p class=\"wp-block-paragraph\"><a href=\"https:\/\/docs.google.com\/presentation\/d\/1mCaQFQ-Nz6y_lCQLXIfniP4S_gOWmt-_\/edit?usp=sharing&amp;ouid=102134206452981638781&amp;rtpof=true&amp;sd=true\">https:\/\/docs.google.com\/presentation\/d\/1mCaQFQ-Nz6y_lCQLXIfniP4S_gOWmt-_\/edit?usp=sharing&amp;ouid=102134206452981638781&amp;rtpof=true&amp;sd=true<\/a><\/p>\n\n\n\n<p class=\"wp-block-paragraph\"><strong><u>Fase 4.<\/u><\/strong><\/p>\n\n\n\n<p class=\"wp-block-paragraph\"><strong>1 Sas pippieddas chin s\u2019ovu (Presentazione)<\/strong><\/p>\n\n\n\n<p class=\"wp-block-paragraph\"><a href=\"https:\/\/docs.google.com\/presentation\/d\/1c0msWE4GGo4t_xWk-pecAa7CQ0P4npmTUpeZ5-D2f-E\/edit?usp=sharing\">https:\/\/docs.google.com\/presentation\/d\/1c0msWE4GGo4t_xWk-pecAa7CQ0P4npmTUpeZ5-D2f-E\/edit?usp=sharing<\/a><\/p>\n\n\n\n<p class=\"wp-block-paragraph\"><strong>2 Su pane pintatu (Presentazione)<\/strong><\/p>\n\n\n\n<p class=\"wp-block-paragraph\"><a href=\"https:\/\/docs.google.com\/presentation\/d\/1AHOG-8ympb1mGTgLGqu9WFICejGpT8Lg\/edit?usp=sharing&amp;ouid=102134206452981638781&amp;rtpof=true&amp;sd=true\">https:\/\/docs.google.com\/presentation\/d\/1AHOG-8ympb1mGTgLGqu9WFICejGpT8Lg\/edit?usp=sharing&amp;ouid=102134206452981638781&amp;rtpof=true&amp;sd=true<\/a><\/p>\n\n\n\n<p class=\"wp-block-paragraph\"><strong>Evento: accoglienza docenti in attivit\u00e0 di Job Shadowing &#8211; Progetto di mobilit\u00e0 internazionale (Colegio San Jos\u00e9 de Calasanz)<\/strong><\/p>\n\n\n\n<p class=\"wp-block-paragraph\">Area tematica: Insegnamento delle materie STEM (approcci interdisciplinari e laboratoriali per l&#8217;apprendimento delle scienze, della tecnologia e delle arti in limba sarda<\/p>\n\n\n\n<p class=\"wp-block-paragraph\"><strong><u>Fase 5.<\/u><\/strong><\/p>\n\n\n\n<p class=\"wp-block-paragraph\"><strong>1 Sos istrumentos \u2013 Sa cota (Presentazione)<\/strong><\/p>\n\n\n\n<p class=\"wp-block-paragraph\"><a href=\"https:\/\/docs.google.com\/presentation\/d\/1w31u9guzUTzjgAQwSzxMybzZZmBtMZvy7gru4qKxLCo\/edit?usp=sharing\">https:\/\/docs.google.com\/presentation\/d\/1w31u9guzUTzjgAQwSzxMybzZZmBtMZvy7gru4qKxLCo\/edit?usp=sharing<\/a><\/p>\n\n\n\n<ol style=\"list-style-type:lower-alpha\" class=\"wp-block-list\">\n<li><a>1 Sa cota de su pane carasatu \u2013 <strong><u>Prima de incumintzare<\/u><\/strong>\u00a0 (A casa di nonna Angela)<\/a><\/li>\n<\/ol>\n\n\n\n<p class=\"wp-block-paragraph\"><strong>Video<\/strong><\/p>\n\n\n\n<p class=\"wp-block-paragraph\"><a href=\"https:\/\/drive.google.com\/file\/d\/1cTTDSFNjjHGKNEsmfS-YXOvgVLGk0_-K\/view?usp=sharing\">https:\/\/drive.google.com\/file\/d\/1cTTDSFNjjHGKNEsmfS-YXOvgVLGk0_-K\/view?usp=sharing<\/a><\/p>\n\n\n\n<ul class=\"wp-block-list\">\n<li>2 Sa cota de su pane carasatu\u00a0 &#8211; <strong><u>Inturtare <\/u><\/strong>\u00a0(A casa di nonna Angela)<\/li>\n<\/ul>\n\n\n\n<p class=\"wp-block-paragraph\"><strong>Video<\/strong><\/p>\n\n\n\n<p class=\"wp-block-paragraph\"><a href=\"https:\/\/drive.google.com\/file\/d\/13s90TTmK-ZEEfvglB2oMAYHzOniEmmU3\/view?usp=sharing\">https:\/\/drive.google.com\/file\/d\/13s90TTmK-ZEEfvglB2oMAYHzOniEmmU3\/view?usp=sharing<\/a><\/p>\n\n\n\n<ul class=\"wp-block-list\">\n<li><a>3 Sa cota de su pane carasatu \u2013 <strong><u>Pesare<\/u><\/strong> (A casa di nonna Angela)<\/a><\/li>\n<\/ul>\n\n\n\n<p class=\"wp-block-paragraph\"><a><strong>Video<\/strong><\/a><\/p>\n\n\n\n<p class=\"wp-block-paragraph\"><a href=\"https:\/\/drive.google.com\/file\/d\/1GC9QJpbA-eoeA1bIJ3e7uDb1EIpvrwOf\/view?usp=sharing\">https:\/\/drive.google.com\/file\/d\/1GC9QJpbA-eoeA1bIJ3e7uDb1EIpvrwOf\/view?usp=sharing<\/a><\/p>\n\n\n\n<ul class=\"wp-block-list\">\n<li>4 Sa cota de su pane carasatu \u2013 <strong><u>Infurrare<\/u><\/strong> (A casa di nonna Angela)<\/li>\n<\/ul>\n\n\n\n<p class=\"wp-block-paragraph\"><strong>Video<\/strong><\/p>\n\n\n\n<p class=\"wp-block-paragraph\"><a href=\"https:\/\/drive.google.com\/file\/d\/1S0gyxe69qH5S25303tlQWgtrHw6IBjQY\/view?usp=sharing\">https:\/\/drive.google.com\/file\/d\/1S0gyxe69qH5S25303tlQWgtrHw6IBjQY\/view?usp=sharing<\/a><\/p>\n\n\n\n<ul class=\"wp-block-list\">\n<li>5 Sa cota de su pane carasatu \u2013 <strong><u>Carpire e carasare<\/u><\/strong> (A casa di nonna Angela)<\/li>\n<\/ul>\n\n\n\n<p class=\"wp-block-paragraph\"><strong>Video<\/strong><\/p>\n\n\n\n<p class=\"wp-block-paragraph\"><a href=\"https:\/\/drive.google.com\/file\/d\/1jxuF8mXizKRhHENsbZ0CQGiPmXa47yp1\/view?usp=sharing\">https:\/\/drive.google.com\/file\/d\/1jxuF8mXizKRhHENsbZ0CQGiPmXa47yp1\/view?usp=sharing<\/a><\/p>\n\n\n\n<p class=\"wp-block-paragraph\"><strong><u>Fase 6<\/u><\/strong><\/p>\n\n\n\n<ol class=\"wp-block-list\">\n<li><a><strong>Attivit\u00e0 letto-scrittura spontanea (Presentazioni)<\/strong><\/a><\/li>\n<\/ol>\n\n\n\n<p class=\"wp-block-paragraph\"><a href=\"https:\/\/docs.google.com\/presentation\/d\/19R0RD4ysTwELrdX-hfWL1jT83k7dN-0E\/edit?usp=sharing&amp;ouid=102134206452981638781&amp;rtpof=true&amp;sd=true\">https:\/\/docs.google.com\/presentation\/d\/19R0RD4ysTwELrdX-hfWL1jT83k7dN-0E\/edit?usp=sharing&amp;ouid=102134206452981638781&amp;rtpof=true&amp;sd=true<\/a><\/p>\n\n\n\n<ul class=\"wp-block-list\">\n<li><a>\u00a0<strong>Attivit\u00e0 letto-scrittura spontanea (Presentazioni)<\/strong><\/a><\/li>\n<\/ul>\n\n\n\n<p class=\"wp-block-paragraph\"><a href=\"https:\/\/docs.google.com\/presentation\/d\/1JwLodNa125tylfe6u5lB-IvSKE_pnIse\/edit?usp=sharing&amp;ouid=102134206452981638781&amp;rtpof=true&amp;sd=true\">https:\/\/docs.google.com\/presentation\/d\/1JwLodNa125tylfe6u5lB-IvSKE_pnIse\/edit?usp=sharing&amp;ouid=102134206452981638781&amp;rtpof=true&amp;sd=true<\/a><\/p>\n\n\n\n<ul class=\"wp-block-list\">\n<li><strong>Attivit\u00e0 letto-scrittura spontanea (Presentazioni)<\/strong><\/li>\n<\/ul>\n\n\n\n<p class=\"wp-block-paragraph\"><a href=\"https:\/\/docs.google.com\/presentation\/d\/1-GbpS8fkp35uY7cXmAnhWEeTQMx0rUYm\/edit?usp=sharing&amp;ouid=102134206452981638781&amp;rtpof=true&amp;sd=true\">https:\/\/docs.google.com\/presentation\/d\/1-GbpS8fkp35uY7cXmAnhWEeTQMx0rUYm\/edit?usp=sharing&amp;ouid=102134206452981638781&amp;rtpof=true&amp;sd=true<\/a><\/p>\n\n\n\n<p class=\"wp-block-paragraph\"><\/p>\n","protected":false},"excerpt":{"rendered":"<p>Progetto nazionale di formazione e ricerca denominato \u201c &hellip; <a href=\"https:\/\/www.tuttiasiniscola.it\/zh\/travallos-in-limba-sarda\/\" class=\"more-link\">\u7ee7\u7eed\u9605\u8bfb<span class=\"screen-reader-text\">\u201cTravallos in Limba Sarda\u201d<\/span><\/a><\/p>\n","protected":false},"author":1,"featured_media":0,"parent":0,"menu_order":0,"comment_status":"closed","ping_status":"closed","template":"","meta":{"_uag_custom_page_level_css":"","footnotes":""},"class_list":["post-565","page","type-page","status-publish","hentry"],"uagb_featured_image_src":{"full":false,"thumbnail":false,"medium":false,"medium_large":false,"large":false,"rpg_gallery_admin_thumb":false,"rpg_gallery_thumb":false,"1536x1536":false,"2048x2048":false,"post-thumbnail":false},"uagb_author_info":{"display_name":"icsiniscola","author_link":"https:\/\/www.tuttiasiniscola.it\/zh\/author\/wp_10824348\/"},"uagb_comment_info":0,"uagb_excerpt":"Progetto nazionale di formazione e ricerca denominato \u201c&hellip;","_links":{"self":[{"href":"https:\/\/www.tuttiasiniscola.it\/zh\/wp-json\/wp\/v2\/pages\/565","targetHints":{"allow":["GET"]}}],"collection":[{"href":"https:\/\/www.tuttiasiniscola.it\/zh\/wp-json\/wp\/v2\/pages"}],"about":[{"href":"https:\/\/www.tuttiasiniscola.it\/zh\/wp-json\/wp\/v2\/types\/page"}],"author":[{"embeddable":true,"href":"https:\/\/www.tuttiasiniscola.it\/zh\/wp-json\/wp\/v2\/users\/1"}],"replies":[{"embeddable":true,"href":"https:\/\/www.tuttiasiniscola.it\/zh\/wp-json\/wp\/v2\/comments?post=565"}],"version-history":[{"count":1,"href":"https:\/\/www.tuttiasiniscola.it\/zh\/wp-json\/wp\/v2\/pages\/565\/revisions"}],"predecessor-version":[{"id":566,"href":"https:\/\/www.tuttiasiniscola.it\/zh\/wp-json\/wp\/v2\/pages\/565\/revisions\/566"}],"wp:attachment":[{"href":"https:\/\/www.tuttiasiniscola.it\/zh\/wp-json\/wp\/v2\/media?parent=565"}],"curies":[{"name":"wp","href":"https:\/\/api.w.org\/{rel}","templated":true}]}}