{"id":276,"date":"2024-04-27T15:59:59","date_gmt":"2024-04-27T15:59:59","guid":{"rendered":"http:\/\/www.tuttiasiniscola.it\/?page_id=276"},"modified":"2024-04-27T17:26:11","modified_gmt":"2024-04-27T17:26:11","slug":"276-2","status":"publish","type":"page","link":"https:\/\/www.tuttiasiniscola.it\/zh\/litter-less-campaign\/276-2\/","title":{"rendered":"OPISOPHIA"},"content":{"rendered":"\n<p class=\"wp-block-paragraph\"><\/p>\n\n\n\n<figure class=\"wp-block-image size-full is-resized\"><img loading=\"lazy\" decoding=\"async\" width=\"652\" height=\"827\" src=\"http:\/\/www.tuttiasiniscola.it\/wp-content\/uploads\/2024\/04\/Opisophia-1-en.png\" alt=\"\" class=\"wp-image-278\" style=\"width:798px;height:auto\" srcset=\"https:\/\/www.tuttiasiniscola.it\/wp-content\/uploads\/2024\/04\/Opisophia-1-en.png 652w, https:\/\/www.tuttiasiniscola.it\/wp-content\/uploads\/2024\/04\/Opisophia-1-en-237x300.png 237w\" sizes=\"auto, (max-width: 652px) 85vw, 652px\" \/><\/figure>\n\n\n\n<figure class=\"wp-block-image size-full is-resized\"><img loading=\"lazy\" decoding=\"async\" width=\"652\" height=\"827\" src=\"http:\/\/www.tuttiasiniscola.it\/wp-content\/uploads\/2024\/04\/Opisophia-2.png\" alt=\"\" class=\"wp-image-279\" style=\"width:770px;height:auto\" srcset=\"https:\/\/www.tuttiasiniscola.it\/wp-content\/uploads\/2024\/04\/Opisophia-2.png 652w, https:\/\/www.tuttiasiniscola.it\/wp-content\/uploads\/2024\/04\/Opisophia-2-237x300.png 237w\" sizes=\"auto, (max-width: 652px) 85vw, 652px\" \/><\/figure>\n\n\n\n<figure class=\"wp-block-image size-full is-resized\"><img loading=\"lazy\" decoding=\"async\" width=\"657\" height=\"826\" src=\"http:\/\/www.tuttiasiniscola.it\/wp-content\/uploads\/2024\/04\/Opisophia-3.png\" alt=\"\" class=\"wp-image-280\" style=\"width:799px;height:auto\" srcset=\"https:\/\/www.tuttiasiniscola.it\/wp-content\/uploads\/2024\/04\/Opisophia-3.png 657w, https:\/\/www.tuttiasiniscola.it\/wp-content\/uploads\/2024\/04\/Opisophia-3-239x300.png 239w\" sizes=\"auto, (max-width: 657px) 85vw, 657px\" \/><\/figure>\n\n\n\n<figure class=\"wp-block-image size-full is-resized\"><img loading=\"lazy\" decoding=\"async\" width=\"656\" height=\"806\" src=\"http:\/\/www.tuttiasiniscola.it\/wp-content\/uploads\/2024\/04\/Opisophia-4.png\" alt=\"\" class=\"wp-image-281\" style=\"width:817px;height:auto\" srcset=\"https:\/\/www.tuttiasiniscola.it\/wp-content\/uploads\/2024\/04\/Opisophia-4.png 656w, https:\/\/www.tuttiasiniscola.it\/wp-content\/uploads\/2024\/04\/Opisophia-4-244x300.png 244w\" sizes=\"auto, (max-width: 656px) 85vw, 656px\" \/><\/figure>\n\n\n\n<p class=\"wp-block-paragraph\"><strong>SOURCES<\/strong><\/p>\n\n\n\n<p class=\"wp-block-paragraph\"><strong>Comparetti, P. Febo, C. Greco, M. M. Mammano, S. Orlando, 2017<\/strong>.<strong> Potential Production of Biogas from Prikly Pear<\/strong> (Opuntiaficus-indica L.) in Sicilian Uncultivated Areas. Chemical Engineering Vol 57: 559-563. DOI:<\/p>\n\n\n\n<p class=\"wp-block-paragraph\">10.3303\/CET1758094<\/p>\n\n\n\n<p class=\"wp-block-paragraph\"><strong>V. Calvani<\/strong>, <strong>Dove inizia il futuro<\/strong> vol. 2, A. Mondadori, 2021, pp. 68-77. Fao &#8211; Icarda, Crop ecology, cultivation and uses of cactus pear,Rome 2017<\/p>\n\n\n\n<p class=\"wp-block-paragraph\"><strong>Mancuso F.<\/strong>, <strong>I fichi d\u2019India sono il futuro? Individuate dagli scienziati potenzialit\u00e0 straordinarie per salvare il Pianeta<\/strong>, <a href=\"https:\/\/www.greenme.it\/ambiente\/agricoltura\/fichi-d-india-cibo-futuro\/\"><em>https:\/\/www.greenme.it\/<\/em><\/a><em><u> <\/u><\/em><a href=\"https:\/\/www.greenme.it\/ambiente\/agricoltura\/fichi-d-india-cibo-futuro\/\"><em>ambiente\/agricoltura\/fichi-d-india-cibo-futuro\/<\/em><\/a><em><u><\/u><\/em><\/p>\n\n\n\n<p class=\"wp-block-paragraph\"><strong>Lenoci C.<\/strong>, <strong>Il fico d\u2019India, diffuso in Puglia: per la FAO \u00e8 il frutto del futuro<\/strong>, 27 agosto 2019, <em><u>https:\/\/lamia-puglia.com\/il-fico-dindia-diffuso-in-puglia-per-la-fao-<\/u><\/em><a href=\"https:\/\/lamia-puglia.com\/il-fico-dindia-diffuso-in-puglia-per-la-fao-e-il-frutto-del-futuro\/\"><em>e-il-frutto-del-futuro\/<\/em><\/a><em><u><\/u><\/em><\/p>\n\n\n\n<p class=\"wp-block-paragraph\"><strong>Ciccarelli, L. , Ecco perch\u00e9 il fico d\u2019India potrebbe essere il frutto del futuro continua su<\/strong>: <em><u>https:\/\/www.cookist.it\/ecco-perche-il-fico-dindia-<\/u><\/em><a href=\"https:\/\/www.cookist.it\/ecco-perche-il-fico-dindia-potrebbe-essere-il-frutto-del-futuro\/\"><em>potrebbe-essere-il-frutto-del-futuro\/<\/em><\/a>, 27\/10\/2023<\/p>\n\n\n\n<p class=\"wp-block-paragraph\"><strong>Fico d&#8217;India: una questione spinosa<\/strong>!, <a href=\"https:\/\/sardegnainlink.wixsite.com\/sardegnainlink\/ficodindia\"><em>https:\/\/sardegnainlink.wixsite.com\/<\/em><\/a><em><u> <\/u><\/em><a href=\"https:\/\/sardegnainlink.wixsite.com\/sardegnainlink\/ficodindia\"><em>sardegnainlink\/ficodindia<\/em><\/a><em><u><\/u><\/em><\/p>\n\n\n\n<p class=\"wp-block-paragraph\"><strong>Imprezzabile G.,<\/strong> Opuntia ficus Indica L. Miller,<em><u> <\/u><\/em><a href=\"https:\/\/www.djemme.com\/dest.php?dest=Marocco&amp;l=it&amp;arg=show&amp;scope=approf&amp;id=3\"><em>https:\/\/www.djemme.com\/dest.php?<\/em><\/a><em><u> <\/u><\/em><a href=\"https:\/\/www.djemme.com\/dest.php?dest=Marocco&amp;l=it&amp;arg=show&amp;scope=approf&amp;id=3\"><em>dest=Marocco&amp;l=it&amp;arg=show&amp;scope=approf&amp;id=3<\/em><\/a><em><u><\/u><\/em><\/p>\n\n\n\n<p class=\"wp-block-paragraph\"><strong>Valesini s.<\/strong>, <strong>Cambiamenti climatici: il cibo del futuro sono i fichi d&#8217;India<\/strong>,<\/p>\n\n\n\n<p class=\"wp-block-paragraph\"><a href=\"https:\/\/www.repubblica.it\/ambiente\/2017\/12\/26\/news\">https:\/\/www.repubblica.it\/ambiente\/2017\/12\/26\/news<\/a><\/p>\n\n\n\n<p class=\"wp-block-paragraph\"><em>cambiamenti_climatici_il_cibo_del_futuro_sono_i_fichi_d_india-185255367\/<\/em><\/p>\n\n\n\n<p class=\"wp-block-paragraph\"><strong>FAO-ICARDA CactusNet<\/strong>, <a href=\"https:\/\/dgroups.org\/fao\/cactusnet\"><em>https:\/\/dgroups.org\/fao\/cactusnet<\/em><\/a><em><u><\/u><\/em><\/p>\n\n\n\n<p class=\"wp-block-paragraph\"><strong>College of Agriculture, Biotechnology &amp; Natural Resources dell&#8217;Universit\u00e0 del Nevada<\/strong>, <a href=\"https:\/\/www.unr.edu\/cabnr\/\"><em>https:\/\/www.unr.edu\/cabnr\/<\/em><\/a><em><u><\/u><\/em><\/p>\n\n\n\n<p class=\"wp-block-paragraph\"><strong><u>Il fico d\u2019india<\/u><\/strong><em><u>, <\/u><\/em><a href=\"http:\/\/www.unionesarda.it\"><em>www.unionesarda.it<\/em><em> <\/em><\/a><em>(07\/01\/22)<\/em><\/p>\n\n\n\n<p class=\"wp-block-paragraph\"><strong>L. Barchetta<\/strong>, <strong>Il ficodindia: un esempio di economia circolare,<\/strong> ENEA Laboratorio BIO-PROBIO<\/p>\n\n\n\n<p class=\"wp-block-paragraph\"><a href=\"http:\/\/www.fidaf.it\"><em>www.fidaf.it<\/em><\/a><em><u><\/u><\/em><\/p>\n\n\n\n<p class=\"wp-block-paragraph\"><strong>Biocarburanti &#8211; Il petrolio verde (tutto italiano) del fico d\u2019India<\/strong>, <a href=\"https:\/\/www.italiacircolare.it\/it-it\/il-petrolio-verde-tutto-italiano-del-ficodindia.aspx\"><em>https:\/\/<\/em><\/a><em><u> <\/u><\/em><a href=\"https:\/\/www.italiacircolare.it\/it-it\/il-petrolio-verde-tutto-italiano-del-ficodindia.aspx\"><em>www.italiacircolare.it\/it-it\/il-petrolio-verde-tutto-italiano-del-ficodindia.aspx<\/em><\/a><em><u><\/u><\/em><\/p>\n\n\n\n<p class=\"wp-block-paragraph\"><strong>Vivere in Campagna, Ecco perch\u00e9 il fico d&#8217;India in futuro sar\u00e0 sempre<\/strong><\/p>\n\n\n\n<p class=\"wp-block-paragraph\"><strong>pi\u00f9 coltivato<\/strong>,<\/p>\n\n\n\n<figure class=\"wp-block-embed is-type-video is-provider-youtube wp-block-embed-youtube wp-embed-aspect-16-9 wp-has-aspect-ratio\"><div class=\"wp-block-embed__wrapper\">\n<iframe loading=\"lazy\" title=\"Ecco perch\u00e9 il fico d&#039;India in futuro sar\u00e0 sempre pi\u00f9 coltivato\" width=\"840\" height=\"473\" src=\"https:\/\/www.youtube.com\/embed\/bdd0Jugt0Uk?feature=oembed\" frameborder=\"0\" allow=\"accelerometer; autoplay; clipboard-write; encrypted-media; gyroscope; picture-in-picture; web-share\" referrerpolicy=\"strict-origin-when-cross-origin\" allowfullscreen><\/iframe>\n<\/div><\/figure>\n\n\n\n<p class=\"wp-block-paragraph\"><strong>Centini, A<\/strong>. <strong>Perch\u00e9 i fichi d\u2019India ci salveranno dalla fame e dai cambiamenti climatici<\/strong>, <em><u>https:\/\/scienze.fanpage.it\/perche-i-fichi-d-india-ci-<\/u><\/em><a href=\"https:\/\/scienze.fanpage.it\/perche-i-fichi-d-india-ci-salveranno-dalla-fame-e-dai-cambiamenti-climatici\/\"><em>salveranno-dalla-fame-e-dai-cambiamenti-climatici\/<\/em><em> <\/em><\/a><em>28\/12\/17<\/em><strong> Suryanamaskara-Piante spontanee,<\/strong> <a href=\"https:\/\/suryanamaskara.altervista.org\/piantealimurgiche\/index.php\"><em>https:\/\/suryanamaskara.altervista.org\/<\/em><\/a><em><u> <\/u><\/em><a href=\"https:\/\/suryanamaskara.altervista.org\/piantealimurgiche\/index.php\"><em>piantealimurgiche\/index.php<\/em><\/a><em><u><\/u><\/em><\/p>\n\n\n\n<p class=\"wp-block-paragraph\"><strong>Lamaddalenapark.it, Il fico d\u2019india,<\/strong> <a href=\"https:\/\/www.lamaddalenapark.it\/pagina19360_fico-dindia.html\"><em>https:\/\/www.lamaddalenapark.it\/<\/em><\/a><em><u> <\/u><\/em><a href=\"https:\/\/www.lamaddalenapark.it\/pagina19360_fico-dindia.html\"><em>pagina19360_fico-dindia.html<\/em><\/a><em><u><\/u><\/em><\/p>\n\n\n\n<p class=\"wp-block-paragraph\"><strong>Il fico d\u2019India miracolo della natura<\/strong>, <a href=\"https:\/\/www.lacanas.it\/novas\/2012\/il-fico-d%25E2%2580%2599india-miracolo-della-natura\/\"><em>https:\/\/www.lacanas.it\/novas\/2012\/il-<\/em><\/a><a href=\"https:\/\/www.lacanas.it\/novas\/2012\/il-fico-d%25E2%2580%2599india-miracolo-della-natura\/\"><em>fico-d%E2%80%99india-miracolo-della-natura\/<\/em><\/a><em><u><\/u><\/em><\/p>\n\n\n\n<p class=\"wp-block-paragraph\"><strong>M., Pelagalli<\/strong>, <strong>In Sardegna c&#8217;\u00e8 il fico d&#8217;India che d\u00e0 frutti tutto l&#8217;anno,<\/strong> 12 luglio 2021 <a href=\"https:\/\/plantgest.imagelinenetwork.com\/it\/news\/2021\/07\/12\/in-sardegna-c-e-il-fico-d-india-che-da-frutti-tutto-anno\/71101%23:~:text=Si%2520tratta%2520di%2520Ettore%2520Boi,sono%2520molto%2520orgoglioso%2520di%2520questo\">https:\/\/plantgest.imagelinenetwork.com\/it\/news\/2021\/07\/12\/in<\/a>-sardegna-c-e-il-fico-d-india-che-da-frutti-tutto-anno\/ <a href=\"https:\/\/plantgest.imagelinenetwork.com\/it\/news\/2021\/07\/12\/in-sardegna-c-e-il-fico-d-india-che-da-frutti-tutto-anno\/71101%23:~:text=Si%2520tratta%2520di%2520Ettore%2520Boi,sono%2520molto%2520orgoglioso%2520di%2520questo\">71101#:~:text=Si%20tratta%20di%20Ettore%20Boi,sono%20molto%20org<\/a> <a href=\"https:\/\/plantgest.imagelinenetwork.com\/it\/news\/2021\/07\/12\/in-sardegna-c-e-il-fico-d-india-che-da-frutti-tutto-anno\/71101%23:~:text=Si%2520tratta%2520di%2520Ettore%2520Boi,sono%2520molto%2520orgoglioso%2520di%2520questo\">oglioso%20di%20questo<\/a><\/p>\n\n\n\n<p class=\"wp-block-paragraph\"><strong>C. Zoccheddu, Duttile e pregiato ma l\u2019isola ancora non riesce a fare business con il fico d\u2019india,<\/strong> <em>https:\/\/www.lanuovasardegna.it\/regione\/ 2022\/12\/04\/news\/duttile-e-pregiato-ma-l-isola-non-riesce-a-fare-business-con-il-fico-d-india-1.100180760<\/em><em><br><\/em><\/p>\n\n\n\n<p class=\"wp-block-paragraph\"><strong>5<\/strong><strong><br><\/strong><\/p>\n\n\n\n<p class=\"wp-block-paragraph\"><a><\/a><strong>2 aprile 2024<\/strong><\/p>\n\n\n\n<p class=\"wp-block-paragraph\"><strong>D. Cerrone<\/strong>, <strong>I fichi d\u2019India sono anche sulle Alpi,<\/strong> <a href=\"https:\/\/mountaingenius.org\/i-fichi-dindia-sono-anche-sullealpi\/%23:~:text=Fico%2520d'India%2520una%2520specie,espansione%2520dei%2520fichi%2520d'india\"><em>https:\/\/<\/em><\/a><em><u> mountaingenius.org\/i-fichi-dindia-sono-anche-sullealpi\/ <\/u><\/em><a href=\"https:\/\/mountaingenius.org\/i-fichi-dindia-sono-anche-sullealpi\/%23:~:text=Fico%2520d'India%2520una%2520specie,espansione%2520dei%2520fichi%2520d'india\"><em>#:~:text=Fico%20d&#8217;India%20una%20specie,espansione%20dei%20fichi%20<\/em><\/a><em><u> <\/u><\/em><a href=\"https:\/\/mountaingenius.org\/i-fichi-dindia-sono-anche-sullealpi\/%23:~:text=Fico%2520d'India%2520una%2520specie,espansione%2520dei%2520fichi%2520d'india\"><em>d&#8217;india<\/em><\/a><em>, 13 aprile 2023<\/em><\/p>\n\n\n\n<p class=\"wp-block-paragraph\"><strong>Il miracoloso fico d\u2019India: resiste alla siccit\u00e0, \u00e8 cibo sostenibile per uomini e animali e coltivazione per biocarburanti<\/strong>, <a href=\"https:\/\/greenreport.it\/news\/agricoltura\/il-miracoloso-fico-dindia-resiste-alla-siccita-e-cibo-sostenibile-per-uomini-e-animali-e-coltivazione-per-biocarburanti\/\"><em>https:\/\/greenreport.it\/<\/em><\/a><em><u> <\/u><\/em><a href=\"https:\/\/greenreport.it\/news\/agricoltura\/il-miracoloso-fico-dindia-resiste-alla-siccita-e-cibo-sostenibile-per-uomini-e-animali-e-coltivazione-per-biocarburanti\/\"><em>news\/agricoltura\/il-miracoloso-fico-dindia-resiste-alla-siccita-e-cibo-<\/em><\/a><a href=\"https:\/\/greenreport.it\/news\/agricoltura\/il-miracoloso-fico-dindia-resiste-alla-siccita-e-cibo-sostenibile-per-uomini-e-animali-e-coltivazione-per-biocarburanti\/\"><em>sostenibile-per-uomini-e-animali-e-coltivazione-per-biocarburanti\/<\/em><\/a><em><u><\/u><\/em><\/p>\n\n\n\n<p class=\"wp-block-paragraph\"><strong>Sapa di fico d&#8217;India<\/strong>, <a href=\"https:\/\/www.intavoliamo.it\/Info\/prodotti-tipici-sardi\/sapa-di-fico-d-india\"><em>https:\/\/www.intavoliamo.it\/Info\/prodotti-tipici-sardi\/<\/em><\/a><em><u> <\/u><\/em><a href=\"https:\/\/www.intavoliamo.it\/Info\/prodotti-tipici-sardi\/sapa-di-fico-d-india\"><em>sapa-di-fico-d-india<\/em><\/a><em><u><\/u><\/em><\/p>\n\n\n\n<p class=\"wp-block-paragraph\"><strong>Sapa di fico d\u2019india<\/strong><em>, <\/em><a href=\"https:\/\/www.sardegnaagricoltura.it\/documenti\/14_43_20070607155618.pdf\"><em>https:\/\/www.sardegnaagricoltura.it\/documenti\/<\/em><\/a><em><u> <\/u><\/em><a href=\"https:\/\/www.sardegnaagricoltura.it\/documenti\/14_43_20070607155618.pdf\"><em>14_43_20070607155618.pdf<\/em><\/a><em><u><\/u><\/em><\/p>\n\n\n\n<p class=\"wp-block-paragraph\"><strong>Ricette di Sardegna tra la cicoria e il Fico d&#8217;india<\/strong>, <em>https:\/\/ www.cityandcity.it\/storia-della-cucina-di-sardegna-tra-la-cicoria-e-il-fico-dindia\/<\/em><\/p>\n\n\n\n<p class=\"wp-block-paragraph\"><strong>G. Talignani, Cibo e biocarburante del futuro, faremo il pieno con il fico d&#8217;India<\/strong><\/p>\n\n\n\n<p class=\"wp-block-paragraph\"><a href=\"https:\/\/www.repubblica.it\/green-and%2520blue\/2021\/03\/19\/news\/resistente_a_caldo_e_siccita_cosi_il_fico_d_india_si_candida_a_cibo_e_biocarburante_del_futuro-291743195\/\"><em>https:\/\/www.repubblica.it\/green-and blue\/2021\/03\/19\/news\/<\/em><\/a><em><u><\/u><\/em><\/p>\n\n\n\n<p class=\"wp-block-paragraph\"><a href=\"https:\/\/www.repubblica.it\/green-and%2520blue\/2021\/03\/19\/news\/resistente_a_caldo_e_siccita_cosi_il_fico_d_india_si_candida_a_cibo_e_biocarburante_del_futuro-291743195\/\"><em>resistente_a_caldo_e_siccita_cosi_il_fico_d_india_si_candida_a_cibo_e_bioca<\/em><\/a><em><u> <\/u><\/em><a href=\"https:\/\/www.repubblica.it\/green-and%2520blue\/2021\/03\/19\/news\/resistente_a_caldo_e_siccita_cosi_il_fico_d_india_si_candida_a_cibo_e_biocarburante_del_futuro-291743195\/\"><em>rburante_del_futuro-291743195\/<\/em><\/a><em><u><\/u><\/em><\/p>\n\n\n\n<p class=\"wp-block-paragraph\"><strong>Fichi d\u2019India e cambiamento climatico. E\u2019 tempo di mettere i cactus nel menu,<\/strong> <em>https:\/\/greenreport.it\/news\/agricoltura\/fichi-dindia-cambiamento-climatico-tempo-mettere-cactus-nel-menu-video\/01\/12\/2017<\/em><\/p>\n\n\n\n<p class=\"wp-block-paragraph\"><strong>La ragazza del fico d\u2019india,<\/strong> <em>https:\/\/laragazzadelficodindia.com\/<\/em><\/p>\n\n\n\n<p class=\"wp-block-paragraph\">LINK AL TESTO IN ITALIANO:<\/p>\n\n\n\n<p class=\"wp-block-paragraph\"><a href=\"http:\/\/www.tuttiasiniscola.it\/wp-content\/uploads\/2024\/04\/OPIsophia-articolo-in-italiano-con-immagini.pdf\">http:\/\/www.tuttiasiniscola.it\/wp-content\/uploads\/2024\/04\/OPIsophia-articolo-in-italiano-con-immagini.pdf<\/a><\/p>\n\n\n\n<p class=\"wp-block-paragraph\"><\/p>\n\n\n\n<p class=\"wp-block-paragraph\"><\/p>\n","protected":false},"excerpt":{"rendered":"<p>SOURCES Comparetti, P. Febo, C. Greco, M. M. Mammano, S &hellip; <a href=\"https:\/\/www.tuttiasiniscola.it\/zh\/litter-less-campaign\/276-2\/\" class=\"more-link\">\u7ee7\u7eed\u9605\u8bfb<span class=\"screen-reader-text\">\u201cOPISOPHIA\u201d<\/span><\/a><\/p>\n","protected":false},"author":1,"featured_media":293,"parent":152,"menu_order":3,"comment_status":"closed","ping_status":"closed","template":"","meta":{"_uag_custom_page_level_css":"","footnotes":""},"class_list":["post-276","page","type-page","status-publish","has-post-thumbnail","hentry"],"uagb_featured_image_src":{"full":["https:\/\/www.tuttiasiniscola.it\/wp-content\/uploads\/2024\/04\/Litter-Less-Campaign.jpg",401,126,false],"thumbnail":["https:\/\/www.tuttiasiniscola.it\/wp-content\/uploads\/2024\/04\/Litter-Less-Campaign-150x126.jpg",150,126,true],"medium":["https:\/\/www.tuttiasiniscola.it\/wp-content\/uploads\/2024\/04\/Litter-Less-Campaign-300x94.jpg",300,94,true],"medium_large":["https:\/\/www.tuttiasiniscola.it\/wp-content\/uploads\/2024\/04\/Litter-Less-Campaign.jpg",401,126,false],"large":["https:\/\/www.tuttiasiniscola.it\/wp-content\/uploads\/2024\/04\/Litter-Less-Campaign.jpg",401,126,false],"rpg_gallery_admin_thumb":["https:\/\/www.tuttiasiniscola.it\/wp-content\/uploads\/2024\/04\/Litter-Less-Campaign-150x126.jpg",150,126,true],"rpg_gallery_thumb":["https:\/\/www.tuttiasiniscola.it\/wp-content\/uploads\/2024\/04\/Litter-Less-Campaign-150x126.jpg",150,126,true],"1536x1536":["https:\/\/www.tuttiasiniscola.it\/wp-content\/uploads\/2024\/04\/Litter-Less-Campaign.jpg",401,126,false],"2048x2048":["https:\/\/www.tuttiasiniscola.it\/wp-content\/uploads\/2024\/04\/Litter-Less-Campaign.jpg",401,126,false],"post-thumbnail":["https:\/\/www.tuttiasiniscola.it\/wp-content\/uploads\/2024\/04\/Litter-Less-Campaign.jpg",401,126,false]},"uagb_author_info":{"display_name":"icsiniscola","author_link":"https:\/\/www.tuttiasiniscola.it\/zh\/author\/wp_10824348\/"},"uagb_comment_info":0,"uagb_excerpt":"SOURCES Comparetti, P. Febo, C. Greco, M. M. Mammano, S&hellip;","_links":{"self":[{"href":"https:\/\/www.tuttiasiniscola.it\/zh\/wp-json\/wp\/v2\/pages\/276","targetHints":{"allow":["GET"]}}],"collection":[{"href":"https:\/\/www.tuttiasiniscola.it\/zh\/wp-json\/wp\/v2\/pages"}],"about":[{"href":"https:\/\/www.tuttiasiniscola.it\/zh\/wp-json\/wp\/v2\/types\/page"}],"author":[{"embeddable":true,"href":"https:\/\/www.tuttiasiniscola.it\/zh\/wp-json\/wp\/v2\/users\/1"}],"replies":[{"embeddable":true,"href":"https:\/\/www.tuttiasiniscola.it\/zh\/wp-json\/wp\/v2\/comments?post=276"}],"version-history":[{"count":5,"href":"https:\/\/www.tuttiasiniscola.it\/zh\/wp-json\/wp\/v2\/pages\/276\/revisions"}],"predecessor-version":[{"id":297,"href":"https:\/\/www.tuttiasiniscola.it\/zh\/wp-json\/wp\/v2\/pages\/276\/revisions\/297"}],"up":[{"embeddable":true,"href":"https:\/\/www.tuttiasiniscola.it\/zh\/wp-json\/wp\/v2\/pages\/152"}],"wp:featuredmedia":[{"embeddable":true,"href":"https:\/\/www.tuttiasiniscola.it\/zh\/wp-json\/wp\/v2\/media\/293"}],"wp:attachment":[{"href":"https:\/\/www.tuttiasiniscola.it\/zh\/wp-json\/wp\/v2\/media?parent=276"}],"curies":[{"name":"wp","href":"https:\/\/api.w.org\/{rel}","templated":true}]}}